{"id":168,"date":"2016-11-25T10:18:39","date_gmt":"2016-11-25T10:18:39","guid":{"rendered":"https:\/\/www.webfulcreations.com\/themes\/education\/?page_id=168"},"modified":"2026-03-05T15:17:59","modified_gmt":"2026-03-05T15:17:59","slug":"contactos","status":"publish","type":"page","link":"https:\/\/www.tertuliadofado.pt\/web\/contactos\/","title":{"rendered":"Contactos"},"content":{"rendered":"\t\t<div data-elementor-type=\"wp-page\" data-elementor-id=\"168\" class=\"elementor elementor-168\">\n\t\t\t\t\t\t<section class=\"elementor-section elementor-top-section elementor-element elementor-element-1919596 elementor-section-boxed elementor-section-height-default elementor-section-height-default\" data-id=\"1919596\" data-element_type=\"section\" data-e-type=\"section\">\n\t\t\t\t\t\t<div class=\"elementor-container elementor-column-gap-default\">\n\t\t\t\t\t<div class=\"elementor-column elementor-col-50 elementor-top-column elementor-element elementor-element-23952b5\" data-id=\"23952b5\" data-element_type=\"column\" data-e-type=\"column\">\n\t\t\t<div class=\"elementor-widget-wrap elementor-element-populated\">\n\t\t\t\t\t\t<div class=\"elementor-element elementor-element-f1ec243 elementor-widget elementor-widget-html\" data-id=\"f1ec243\" data-element_type=\"widget\" data-e-type=\"widget\" data-widget_type=\"html.default\">\n\t\t\t\t\t  <div class=\"contact-info\">\r\n    <h4>Email<\/h4>\r\n    <p>info@tertuliadofado.pt<\/p>\r\n  <\/div>\r\n\r\n\t\t\t\t<\/div>\n\t\t\t\t\t<\/div>\n\t\t<\/div>\n\t\t\t\t<div class=\"elementor-column elementor-col-50 elementor-top-column elementor-element elementor-element-9d67ad4\" data-id=\"9d67ad4\" data-element_type=\"column\" data-e-type=\"column\">\n\t\t\t<div class=\"elementor-widget-wrap elementor-element-populated\">\n\t\t\t\t\t\t<div class=\"elementor-element elementor-element-4a16a24 elementor-widget elementor-widget-shortcode\" data-id=\"4a16a24\" data-element_type=\"widget\" data-e-type=\"widget\" data-widget_type=\"shortcode.default\">\n\t\t\t\t\t\t\t<div class=\"elementor-shortcode\">\n<div class=\"wpcf7 no-js\" id=\"wpcf7-f9-o1\" lang=\"pt-PT\" dir=\"ltr\" data-wpcf7-id=\"9\">\n<div class=\"screen-reader-response\"><p role=\"status\" aria-live=\"polite\" aria-atomic=\"true\"><\/p> <ul><\/ul><\/div>\n<form action=\"\/web\/wp-json\/wp\/v2\/pages\/168#wpcf7-f9-o1\" method=\"post\" class=\"wpcf7-form init\" aria-label=\"Formul\u00e1rio de contacto\" novalidate=\"novalidate\" data-status=\"init\">\n<fieldset class=\"hidden-fields-container\"><input type=\"hidden\" name=\"_wpcf7\" value=\"9\" \/><input type=\"hidden\" name=\"_wpcf7_version\" value=\"6.1.6\" \/><input type=\"hidden\" name=\"_wpcf7_locale\" value=\"pt_PT\" \/><input type=\"hidden\" name=\"_wpcf7_unit_tag\" value=\"wpcf7-f9-o1\" \/><input type=\"hidden\" name=\"_wpcf7_container_post\" value=\"0\" \/><input type=\"hidden\" name=\"_wpcf7_posted_data_hash\" value=\"\" \/><input type=\"hidden\" name=\"_wpcf7_recaptcha_response\" value=\"\" \/>\n<\/fieldset>\n<h2>Contacte-nos!\n<\/h2>\n<p><br \/>\nSomos um grupo de amigos, amantes da m\u00fasica, que prezam de uma forma especial a sua express\u00e3o portuguesa, tanto no Fado de Lisboa como no Fado (Can\u00e7\u00e3o) de Coimbra. Estamos organizados em Tert\u00falia, seguindo os princ\u00edpios de uma Associa\u00e7\u00e3o sem fins lucrativos, com Estatutos e \u00d3rg\u00e3os Sociais.\n<\/p>\n<p>Caso necessite de alguma informa\u00e7\u00e3o, envie-nos um e-mail que respondemos com a maior brevidade poss\u00edvel.\n<\/p>\n<p>Muito Obrigado.\n<\/p>\n<p><label> O seu Nome<br \/>\n<span class=\"wpcf7-form-control-wrap\" data-name=\"nome\"><input size=\"40\" maxlength=\"400\" class=\"wpcf7-form-control wpcf7-text wpcf7-validates-as-required\" autocomplete=\"nome\" aria-required=\"true\" aria-invalid=\"false\" value=\"\" type=\"text\" name=\"nome\" \/><\/span> <\/label>\n<\/p>\n<p><label> O seu Email<br \/>\n<span class=\"wpcf7-form-control-wrap\" data-name=\"email\"><input size=\"40\" maxlength=\"400\" class=\"wpcf7-form-control wpcf7-email wpcf7-validates-as-required wpcf7-text wpcf7-validates-as-email\" autocomplete=\"email\" aria-required=\"true\" aria-invalid=\"false\" value=\"\" type=\"email\" name=\"email\" \/><\/span> <\/label>\n<\/p>\n<p><label> O seu Telefone<br \/>\n<span class=\"wpcf7-form-control-wrap\" data-name=\"Telefone\"><input size=\"40\" maxlength=\"400\" class=\"wpcf7-form-control wpcf7-tel wpcf7-validates-as-required wpcf7-text wpcf7-validates-as-tel\" aria-required=\"true\" aria-invalid=\"false\" value=\"\" type=\"tel\" name=\"Telefone\" \/><\/span> <\/label>\n<\/p>\n<p><label> A sua Mensagem<br \/>\n<span class=\"wpcf7-form-control-wrap\" data-name=\"mensagem\"><textarea cols=\"40\" rows=\"10\" maxlength=\"2000\" class=\"wpcf7-form-control wpcf7-textarea\" aria-invalid=\"false\" name=\"mensagem\"><\/textarea><\/span> <\/label>\n<\/p>\n<p><span class=\"wpcf7-form-control-wrap\" data-name=\"politica\"><span class=\"wpcf7-form-control wpcf7-checkbox wpcf7-validates-as-required\"><span class=\"wpcf7-list-item first last\"><input type=\"checkbox\" name=\"politica[]\" value=\"Aceitar Pol\u00edtica Privacidade\" \/><span class=\"wpcf7-list-item-label\">Aceitar Pol\u00edtica Privacidade<\/span><\/span><\/span><\/span>\n<\/p>\n<p><input class=\"wpcf7-form-control wpcf7-submit has-spinner\" type=\"submit\" value=\"Enviar\" \/>\n<\/p><div class=\"wpcf7-response-output\" aria-hidden=\"true\"><\/div>\n<\/form>\n<\/div>\n<\/div>\n\t\t\t\t\t\t<\/div>\n\t\t\t\t\t<\/div>\n\t\t<\/div>\n\t\t\t\t\t<\/div>\n\t\t<\/section>\n\t\t\t\t<\/div>\n\t\t","protected":false},"excerpt":{"rendered":"<p>Email info@tertuliadofado.pt<\/p>\n","protected":false},"author":2,"featured_media":0,"parent":0,"menu_order":0,"comment_status":"closed","ping_status":"closed","template":"template-modules.php","meta":{"footnotes":""},"class_list":["post-168","page","type-page","status-publish","hentry"],"aioseo_notices":[],"aioseo_head":"\n\t\t<!-- All in One SEO 4.9.10 - aioseo.com -->\n\t<meta name=\"description\" content=\"Email info@tertuliadofado.pt Contacte-nos! Somos um grupo de amigos, amantes da m\u00fasica, que prezam de uma forma especial a sua express\u00e3o portuguesa, tanto no Fado de Lisboa como no Fado (Can\u00e7\u00e3o) de Coimbra. Estamos organizados em Tert\u00falia, seguindo os princ\u00edpios de uma Associa\u00e7\u00e3o sem fins lucrativos, com Estatutos e \u00d3rg\u00e3os Sociais. Caso necessite de alguma informa\u00e7\u00e3o,\" \/>\n\t<meta name=\"robots\" content=\"max-image-preview:large\" \/>\n\t<link rel=\"canonical\" href=\"https:\/\/www.tertuliadofado.pt\/web\/contactos\/\" \/>\n\t<meta name=\"generator\" content=\"All in One SEO (AIOSEO) 4.9.10\" \/>\n\t\t<meta property=\"og:locale\" content=\"pt_PT\" \/>\n\t\t<meta property=\"og:site_name\" content=\"TERT\u00daLIA DO FADO...E DA INQUIETA\u00c7\u00c3O - TERT\u00daLIA DO FADO...E DA INQUIETA\u00c7\u00c3O\" \/>\n\t\t<meta property=\"og:type\" content=\"article\" \/>\n\t\t<meta property=\"og:title\" content=\"Contactos - TERT\u00daLIA DO FADO...E DA INQUIETA\u00c7\u00c3O\" \/>\n\t\t<meta property=\"og:description\" content=\"Email info@tertuliadofado.pt Contacte-nos! Somos um grupo de amigos, amantes da m\u00fasica, que prezam de uma forma especial a sua express\u00e3o portuguesa, tanto no Fado de Lisboa como no Fado (Can\u00e7\u00e3o) de Coimbra. Estamos organizados em Tert\u00falia, seguindo os princ\u00edpios de uma Associa\u00e7\u00e3o sem fins lucrativos, com Estatutos e \u00d3rg\u00e3os Sociais. Caso necessite de alguma informa\u00e7\u00e3o,\" \/>\n\t\t<meta property=\"og:url\" content=\"https:\/\/www.tertuliadofado.pt\/web\/contactos\/\" \/>\n\t\t<meta property=\"og:image\" content=\"https:\/\/www.tertuliadofado.pt\/web\/wp-content\/uploads\/2026\/03\/logo_261.jpg\" \/>\n\t\t<meta property=\"og:image:secure_url\" content=\"https:\/\/www.tertuliadofado.pt\/web\/wp-content\/uploads\/2026\/03\/logo_261.jpg\" \/>\n\t\t<meta property=\"og:image:width\" content=\"261\" \/>\n\t\t<meta property=\"og:image:height\" content=\"170\" \/>\n\t\t<meta property=\"article:published_time\" content=\"2016-11-25T10:18:39+00:00\" \/>\n\t\t<meta property=\"article:modified_time\" content=\"2026-03-05T15:17:59+00:00\" \/>\n\t\t<meta name=\"twitter:card\" content=\"summary_large_image\" \/>\n\t\t<meta name=\"twitter:title\" content=\"Contactos - TERT\u00daLIA DO FADO...E DA INQUIETA\u00c7\u00c3O\" \/>\n\t\t<meta name=\"twitter:description\" content=\"Email info@tertuliadofado.pt Contacte-nos! Somos um grupo de amigos, amantes da m\u00fasica, que prezam de uma forma especial a sua express\u00e3o portuguesa, tanto no Fado de Lisboa como no Fado (Can\u00e7\u00e3o) de Coimbra. Estamos organizados em Tert\u00falia, seguindo os princ\u00edpios de uma Associa\u00e7\u00e3o sem fins lucrativos, com Estatutos e \u00d3rg\u00e3os Sociais. Caso necessite de alguma informa\u00e7\u00e3o,\" \/>\n\t\t<meta name=\"twitter:image\" content=\"https:\/\/www.tertuliadofado.pt\/web\/wp-content\/uploads\/2026\/03\/logo_261.jpg\" \/>\n\t\t<script type=\"application\/ld+json\" class=\"aioseo-schema\">\n\t\t\t{\"@context\":\"https:\\\/\\\/schema.org\",\"@graph\":[{\"@type\":\"BreadcrumbList\",\"@id\":\"https:\\\/\\\/www.tertuliadofado.pt\\\/web\\\/contactos\\\/#breadcrumblist\",\"itemListElement\":[{\"@type\":\"ListItem\",\"@id\":\"https:\\\/\\\/www.tertuliadofado.pt\\\/web#listItem\",\"position\":1,\"name\":\"Home\",\"item\":\"https:\\\/\\\/www.tertuliadofado.pt\\\/web\",\"nextItem\":{\"@type\":\"ListItem\",\"@id\":\"https:\\\/\\\/www.tertuliadofado.pt\\\/web\\\/contactos\\\/#listItem\",\"name\":\"Contactos\"}},{\"@type\":\"ListItem\",\"@id\":\"https:\\\/\\\/www.tertuliadofado.pt\\\/web\\\/contactos\\\/#listItem\",\"position\":2,\"name\":\"Contactos\",\"previousItem\":{\"@type\":\"ListItem\",\"@id\":\"https:\\\/\\\/www.tertuliadofado.pt\\\/web#listItem\",\"name\":\"Home\"}}]},{\"@type\":\"Organization\",\"@id\":\"https:\\\/\\\/www.tertuliadofado.pt\\\/web\\\/#organization\",\"name\":\"TERT\\u00daLIA DO FADO...E DA INQUIETA\\u00c7\\u00c3O\",\"description\":\"TERT\\u00daLIA DO FADO...E DA INQUIETA\\u00c7\\u00c3O\",\"url\":\"https:\\\/\\\/www.tertuliadofado.pt\\\/web\\\/\",\"logo\":{\"@type\":\"ImageObject\",\"url\":\"https:\\\/\\\/www.tertuliadofado.pt\\\/web\\\/wp-content\\\/uploads\\\/2026\\\/03\\\/logo_261.jpg\",\"@id\":\"https:\\\/\\\/www.tertuliadofado.pt\\\/web\\\/contactos\\\/#organizationLogo\",\"width\":261,\"height\":170},\"image\":{\"@id\":\"https:\\\/\\\/www.tertuliadofado.pt\\\/web\\\/contactos\\\/#organizationLogo\"}},{\"@type\":\"WebPage\",\"@id\":\"https:\\\/\\\/www.tertuliadofado.pt\\\/web\\\/contactos\\\/#webpage\",\"url\":\"https:\\\/\\\/www.tertuliadofado.pt\\\/web\\\/contactos\\\/\",\"name\":\"Contactos - TERT\\u00daLIA DO FADO...E DA INQUIETA\\u00c7\\u00c3O\",\"description\":\"Email info@tertuliadofado.pt Contacte-nos! Somos um grupo de amigos, amantes da m\\u00fasica, que prezam de uma forma especial a sua express\\u00e3o portuguesa, tanto no Fado de Lisboa como no Fado (Can\\u00e7\\u00e3o) de Coimbra. Estamos organizados em Tert\\u00falia, seguindo os princ\\u00edpios de uma Associa\\u00e7\\u00e3o sem fins lucrativos, com Estatutos e \\u00d3rg\\u00e3os Sociais. Caso necessite de alguma informa\\u00e7\\u00e3o,\",\"inLanguage\":\"pt-PT\",\"isPartOf\":{\"@id\":\"https:\\\/\\\/www.tertuliadofado.pt\\\/web\\\/#website\"},\"breadcrumb\":{\"@id\":\"https:\\\/\\\/www.tertuliadofado.pt\\\/web\\\/contactos\\\/#breadcrumblist\"},\"datePublished\":\"2016-11-25T10:18:39+00:00\",\"dateModified\":\"2026-03-05T15:17:59+00:00\"},{\"@type\":\"WebSite\",\"@id\":\"https:\\\/\\\/www.tertuliadofado.pt\\\/web\\\/#website\",\"url\":\"https:\\\/\\\/www.tertuliadofado.pt\\\/web\\\/\",\"name\":\"TERT\\u00daLIA DO FADO...E DA INQUIETA\\u00c7\\u00c3O\",\"description\":\"TERT\\u00daLIA DO FADO...E DA INQUIETA\\u00c7\\u00c3O\",\"inLanguage\":\"pt-PT\",\"publisher\":{\"@id\":\"https:\\\/\\\/www.tertuliadofado.pt\\\/web\\\/#organization\"}}]}\n\t\t<\/script>\n\t\t<!-- All in One SEO -->\n\n","aioseo_head_json":{"title":"Contactos - TERT\u00daLIA DO FADO...E DA INQUIETA\u00c7\u00c3O","description":"Email info@tertuliadofado.pt Contacte-nos! Somos um grupo de amigos, amantes da m\u00fasica, que prezam de uma forma especial a sua express\u00e3o portuguesa, tanto no Fado de Lisboa como no Fado (Can\u00e7\u00e3o) de Coimbra. Estamos organizados em Tert\u00falia, seguindo os princ\u00edpios de uma Associa\u00e7\u00e3o sem fins lucrativos, com Estatutos e \u00d3rg\u00e3os Sociais. Caso necessite de alguma informa\u00e7\u00e3o,","canonical_url":"https:\/\/www.tertuliadofado.pt\/web\/contactos\/","robots":"max-image-preview:large","keywords":"","webmasterTools":{"miscellaneous":""},"schema":{"@context":"https:\/\/schema.org","@graph":[{"@type":"BreadcrumbList","@id":"https:\/\/www.tertuliadofado.pt\/web\/contactos\/#breadcrumblist","itemListElement":[{"@type":"ListItem","@id":"https:\/\/www.tertuliadofado.pt\/web#listItem","position":1,"name":"Home","item":"https:\/\/www.tertuliadofado.pt\/web","nextItem":{"@type":"ListItem","@id":"https:\/\/www.tertuliadofado.pt\/web\/contactos\/#listItem","name":"Contactos"}},{"@type":"ListItem","@id":"https:\/\/www.tertuliadofado.pt\/web\/contactos\/#listItem","position":2,"name":"Contactos","previousItem":{"@type":"ListItem","@id":"https:\/\/www.tertuliadofado.pt\/web#listItem","name":"Home"}}]},{"@type":"Organization","@id":"https:\/\/www.tertuliadofado.pt\/web\/#organization","name":"TERT\u00daLIA DO FADO...E DA INQUIETA\u00c7\u00c3O","description":"TERT\u00daLIA DO FADO...E DA INQUIETA\u00c7\u00c3O","url":"https:\/\/www.tertuliadofado.pt\/web\/","logo":{"@type":"ImageObject","url":"https:\/\/www.tertuliadofado.pt\/web\/wp-content\/uploads\/2026\/03\/logo_261.jpg","@id":"https:\/\/www.tertuliadofado.pt\/web\/contactos\/#organizationLogo","width":261,"height":170},"image":{"@id":"https:\/\/www.tertuliadofado.pt\/web\/contactos\/#organizationLogo"}},{"@type":"WebPage","@id":"https:\/\/www.tertuliadofado.pt\/web\/contactos\/#webpage","url":"https:\/\/www.tertuliadofado.pt\/web\/contactos\/","name":"Contactos - TERT\u00daLIA DO FADO...E DA INQUIETA\u00c7\u00c3O","description":"Email info@tertuliadofado.pt Contacte-nos! Somos um grupo de amigos, amantes da m\u00fasica, que prezam de uma forma especial a sua express\u00e3o portuguesa, tanto no Fado de Lisboa como no Fado (Can\u00e7\u00e3o) de Coimbra. Estamos organizados em Tert\u00falia, seguindo os princ\u00edpios de uma Associa\u00e7\u00e3o sem fins lucrativos, com Estatutos e \u00d3rg\u00e3os Sociais. Caso necessite de alguma informa\u00e7\u00e3o,","inLanguage":"pt-PT","isPartOf":{"@id":"https:\/\/www.tertuliadofado.pt\/web\/#website"},"breadcrumb":{"@id":"https:\/\/www.tertuliadofado.pt\/web\/contactos\/#breadcrumblist"},"datePublished":"2016-11-25T10:18:39+00:00","dateModified":"2026-03-05T15:17:59+00:00"},{"@type":"WebSite","@id":"https:\/\/www.tertuliadofado.pt\/web\/#website","url":"https:\/\/www.tertuliadofado.pt\/web\/","name":"TERT\u00daLIA DO FADO...E DA INQUIETA\u00c7\u00c3O","description":"TERT\u00daLIA DO FADO...E DA INQUIETA\u00c7\u00c3O","inLanguage":"pt-PT","publisher":{"@id":"https:\/\/www.tertuliadofado.pt\/web\/#organization"}}]},"og:locale":"pt_PT","og:site_name":"TERT\u00daLIA DO FADO...E DA INQUIETA\u00c7\u00c3O - TERT\u00daLIA DO FADO...E DA INQUIETA\u00c7\u00c3O","og:type":"article","og:title":"Contactos - TERT\u00daLIA DO FADO...E DA INQUIETA\u00c7\u00c3O","og:description":"Email info@tertuliadofado.pt Contacte-nos! Somos um grupo de amigos, amantes da m\u00fasica, que prezam de uma forma especial a sua express\u00e3o portuguesa, tanto no Fado de Lisboa como no Fado (Can\u00e7\u00e3o) de Coimbra. Estamos organizados em Tert\u00falia, seguindo os princ\u00edpios de uma Associa\u00e7\u00e3o sem fins lucrativos, com Estatutos e \u00d3rg\u00e3os Sociais. Caso necessite de alguma informa\u00e7\u00e3o,","og:url":"https:\/\/www.tertuliadofado.pt\/web\/contactos\/","og:image":"https:\/\/www.tertuliadofado.pt\/web\/wp-content\/uploads\/2026\/03\/logo_261.jpg","og:image:secure_url":"https:\/\/www.tertuliadofado.pt\/web\/wp-content\/uploads\/2026\/03\/logo_261.jpg","og:image:width":261,"og:image:height":170,"article:published_time":"2016-11-25T10:18:39+00:00","article:modified_time":"2026-03-05T15:17:59+00:00","twitter:card":"summary_large_image","twitter:title":"Contactos - TERT\u00daLIA DO FADO...E DA INQUIETA\u00c7\u00c3O","twitter:description":"Email info@tertuliadofado.pt Contacte-nos! Somos um grupo de amigos, amantes da m\u00fasica, que prezam de uma forma especial a sua express\u00e3o portuguesa, tanto no Fado de Lisboa como no Fado (Can\u00e7\u00e3o) de Coimbra. Estamos organizados em Tert\u00falia, seguindo os princ\u00edpios de uma Associa\u00e7\u00e3o sem fins lucrativos, com Estatutos e \u00d3rg\u00e3os Sociais. Caso necessite de alguma informa\u00e7\u00e3o,","twitter:image":"https:\/\/www.tertuliadofado.pt\/web\/wp-content\/uploads\/2026\/03\/logo_261.jpg"},"aioseo_meta_data":{"post_id":"168","title":"#post_title #separator_sa #site_title","description":"#post_content","keywords":null,"keyphrases":null,"primary_term":null,"canonical_url":null,"og_title":null,"og_description":null,"og_object_type":"default","og_image_type":"default","og_image_url":null,"og_image_width":null,"og_image_height":null,"og_image_custom_url":null,"og_image_custom_fields":null,"og_video":null,"og_custom_url":null,"og_article_section":null,"og_article_tags":null,"twitter_use_og":false,"twitter_card":"default","twitter_image_type":"default","twitter_image_url":null,"twitter_image_custom_url":null,"twitter_image_custom_fields":null,"twitter_title":null,"twitter_description":null,"schema":{"blockGraphs":[],"customGraphs":[],"default":{"data":{"Article":[],"Course":[],"Dataset":[],"FAQPage":[],"Movie":[],"Person":[],"Product":[],"ProductReview":[],"Car":[],"Recipe":[],"Service":[],"SoftwareApplication":[],"WebPage":[]},"graphName":"","isEnabled":true},"graphs":[]},"schema_type":"default","schema_type_options":null,"pillar_content":false,"robots_default":true,"robots_noindex":false,"robots_noarchive":false,"robots_nosnippet":false,"robots_nofollow":false,"robots_noimageindex":false,"robots_noodp":false,"robots_notranslate":false,"robots_max_snippet":null,"robots_max_videopreview":null,"robots_max_imagepreview":"large","priority":null,"frequency":null,"local_seo":null,"breadcrumb_settings":null,"limit_modified_date":false,"ai":null,"created":"2026-03-03 18:38:55","updated":"2026-03-12 10:56:51","seo_analyzer_scan_date":null},"aioseo_breadcrumb":"<div class=\"aioseo-breadcrumbs\"><span class=\"aioseo-breadcrumb\">\n\t\t\t<a href=\"https:\/\/www.tertuliadofado.pt\/web\" title=\"Home\">Home<\/a>\n\t\t<\/span><span class=\"aioseo-breadcrumb-separator\">&raquo;<\/span><span class=\"aioseo-breadcrumb\">\n\t\t\tContactos\n\t\t<\/span><\/div>","aioseo_breadcrumb_json":[{"label":"Home","link":"https:\/\/www.tertuliadofado.pt\/web"},{"label":"Contactos","link":"https:\/\/www.tertuliadofado.pt\/web\/contactos\/"}],"_links":{"self":[{"href":"https:\/\/www.tertuliadofado.pt\/web\/wp-json\/wp\/v2\/pages\/168","targetHints":{"allow":["GET"]}}],"collection":[{"href":"https:\/\/www.tertuliadofado.pt\/web\/wp-json\/wp\/v2\/pages"}],"about":[{"href":"https:\/\/www.tertuliadofado.pt\/web\/wp-json\/wp\/v2\/types\/page"}],"author":[{"embeddable":true,"href":"https:\/\/www.tertuliadofado.pt\/web\/wp-json\/wp\/v2\/users\/2"}],"replies":[{"embeddable":true,"href":"https:\/\/www.tertuliadofado.pt\/web\/wp-json\/wp\/v2\/comments?post=168"}],"version-history":[{"count":7,"href":"https:\/\/www.tertuliadofado.pt\/web\/wp-json\/wp\/v2\/pages\/168\/revisions"}],"predecessor-version":[{"id":1128,"href":"https:\/\/www.tertuliadofado.pt\/web\/wp-json\/wp\/v2\/pages\/168\/revisions\/1128"}],"wp:attachment":[{"href":"https:\/\/www.tertuliadofado.pt\/web\/wp-json\/wp\/v2\/media?parent=168"}],"curies":[{"name":"wp","href":"https:\/\/api.w.org\/{rel}","templated":true}]}}