{"id":2,"date":"2026-03-03T18:04:01","date_gmt":"2026-03-03T18:04:01","guid":{"rendered":"https:\/\/www.tertuliadofado.pt\/web\/?page_id=2"},"modified":"2026-03-05T15:17:35","modified_gmt":"2026-03-05T15:17:35","slug":"objetivos","status":"publish","type":"page","link":"https:\/\/www.tertuliadofado.pt\/web\/objetivos\/","title":{"rendered":"Objetivos"},"content":{"rendered":"\t\t<div data-elementor-type=\"wp-page\" data-elementor-id=\"2\" class=\"elementor elementor-2\">\n\t\t\t\t<div class=\"elementor-element elementor-element-1b1a126a e-flex e-con-boxed e-con e-parent\" data-id=\"1b1a126a\" data-element_type=\"container\" data-e-type=\"container\">\n\t\t\t\t\t<div class=\"e-con-inner\">\n\t\t\t\t<div class=\"elementor-element elementor-element-4629915f elementor-widget elementor-widget-text-editor\" data-id=\"4629915f\" data-element_type=\"widget\" data-e-type=\"widget\" data-widget_type=\"text-editor.default\">\n\t\t\t\t\t\t\t\t\t<section class=\"three_fourth last content-right\">\n<h3><img fetchpriority=\"high\" decoding=\"async\" class=\"alignnone size-full wp-image-1087\" src=\"https:\/\/www.tertuliadofado.pt\/web\/wp-content\/uploads\/2026\/03\/objetivos.jpg\" alt=\"\" width=\"700\" height=\"200\" srcset=\"https:\/\/www.tertuliadofado.pt\/web\/wp-content\/uploads\/2026\/03\/objetivos.jpg 700w, https:\/\/www.tertuliadofado.pt\/web\/wp-content\/uploads\/2026\/03\/objetivos-300x86.jpg 300w, https:\/\/www.tertuliadofado.pt\/web\/wp-content\/uploads\/2026\/03\/objetivos-600x171.jpg 600w\" sizes=\"(max-width: 700px) 100vw, 700px\" \/><\/h3>\n<h3>Os nossos objectivos<\/h3>\n<p>O fado, o canto e as tert\u00falias s\u00e3o, para n\u00f3s, um ve\u00edculo de cultura e de inquieta\u00e7\u00e3o. As nossas actividades s\u00e3o dirigidas para os seguintes objectivos que est\u00e3o definidos nos estatutos:<\/p>\n<p>1. Promover o fado de Lisboa e de Coimbra na diversidade das suas facetas, procurando intervir de forma harmoniosa e rigorosa, em articula\u00e7\u00e3o com os elementos mais significativos da cultura e do sentir nacional.<\/p>\n<p>2. Desenvolver outros aspectos culturais que constituam preocupa\u00e7\u00f5es e inquieta\u00e7\u00f5es da sociedade actual, numa contribui\u00e7\u00e3o pr\u00f3-activa para uma sociedade melhor preparada, mais evolu\u00edda, mais justa e mais solid\u00e1ria.<\/p>\n<p>3. Participar em projectos de interven\u00e7\u00e3o social, no combate \u00e0 pobreza e \u00e0 exclus\u00e3o, em parceria com outras organiza\u00e7\u00f5es que partilhem destes objectivos.<\/p>\n<p>4. Contribuir para o alargamento da lusofonia, como suporte de desenvolvimento das comunidades que t\u00eam como factor comum a l\u00edngua portuguesa.<\/p>\n<p>5. Dinamizar o esp\u00edrito tertuliano, como forma de conservar e fomentar a amizade desinteressada entre associados.<\/p>\n<\/section>\n<p><\/p>\n<div>\u00a0<\/div>\n<div>\u00a0<\/div>\t\t\t\t\t\t\t\t<\/div>\n\t\t\t\t\t<\/div>\n\t\t\t\t<\/div>\n\t\t\t\t<\/div>\n\t\t","protected":false},"excerpt":{"rendered":"<p>Os nossos objectivos O fado, o canto e as tert\u00falias s\u00e3o, para n\u00f3s, um ve\u00edculo de cultura e de inquieta\u00e7\u00e3o. As nossas actividades s\u00e3o dirigidas para os seguintes objectivos que est\u00e3o definidos nos estatutos: 1. Promover o fado de Lisboa e de Coimbra na diversidade das suas facetas, procurando intervir <a class=\"read-more\" href=\"https:\/\/www.tertuliadofado.pt\/web\/objetivos\/\">Read More&#8230;<\/a><\/p>\n","protected":false},"author":2,"featured_media":0,"parent":0,"menu_order":0,"comment_status":"closed","ping_status":"closed","template":"","meta":{"footnotes":""},"class_list":["post-2","page","type-page","status-publish","hentry"],"aioseo_notices":[],"aioseo_head":"\n\t\t<!-- All in One SEO 4.9.10 - aioseo.com -->\n\t<meta name=\"description\" content=\"Os nossos objectivos O fado, o canto e as tert\u00falias s\u00e3o, para n\u00f3s, um ve\u00edculo de cultura e de inquieta\u00e7\u00e3o. As nossas actividades s\u00e3o dirigidas para os seguintes objectivos que est\u00e3o definidos nos estatutos: 1. Promover o fado de Lisboa e de Coimbra na diversidade das suas facetas, procurando intervir de forma harmoniosa e rigorosa,\" \/>\n\t<meta name=\"robots\" content=\"max-image-preview:large\" \/>\n\t<link rel=\"canonical\" href=\"https:\/\/www.tertuliadofado.pt\/web\/objetivos\/\" \/>\n\t<meta name=\"generator\" content=\"All in One SEO (AIOSEO) 4.9.10\" \/>\n\t\t<meta property=\"og:locale\" content=\"pt_PT\" \/>\n\t\t<meta property=\"og:site_name\" content=\"TERT\u00daLIA DO FADO...E DA INQUIETA\u00c7\u00c3O - TERT\u00daLIA DO FADO...E DA INQUIETA\u00c7\u00c3O\" \/>\n\t\t<meta property=\"og:type\" content=\"article\" \/>\n\t\t<meta property=\"og:title\" content=\"Objetivos - TERT\u00daLIA DO FADO...E DA INQUIETA\u00c7\u00c3O\" \/>\n\t\t<meta property=\"og:description\" content=\"Os nossos objectivos O fado, o canto e as tert\u00falias s\u00e3o, para n\u00f3s, um ve\u00edculo de cultura e de inquieta\u00e7\u00e3o. As nossas actividades s\u00e3o dirigidas para os seguintes objectivos que est\u00e3o definidos nos estatutos: 1. Promover o fado de Lisboa e de Coimbra na diversidade das suas facetas, procurando intervir de forma harmoniosa e rigorosa,\" \/>\n\t\t<meta property=\"og:url\" content=\"https:\/\/www.tertuliadofado.pt\/web\/objetivos\/\" \/>\n\t\t<meta property=\"og:image\" content=\"https:\/\/www.tertuliadofado.pt\/web\/wp-content\/uploads\/2026\/03\/logo_261.jpg\" \/>\n\t\t<meta property=\"og:image:secure_url\" content=\"https:\/\/www.tertuliadofado.pt\/web\/wp-content\/uploads\/2026\/03\/logo_261.jpg\" \/>\n\t\t<meta property=\"og:image:width\" content=\"261\" \/>\n\t\t<meta property=\"og:image:height\" content=\"170\" \/>\n\t\t<meta property=\"article:published_time\" content=\"2026-03-03T18:04:01+00:00\" \/>\n\t\t<meta property=\"article:modified_time\" content=\"2026-03-05T15:17:35+00:00\" \/>\n\t\t<meta name=\"twitter:card\" content=\"summary_large_image\" \/>\n\t\t<meta name=\"twitter:title\" content=\"Objetivos - TERT\u00daLIA DO FADO...E DA INQUIETA\u00c7\u00c3O\" \/>\n\t\t<meta name=\"twitter:description\" content=\"Os nossos objectivos O fado, o canto e as tert\u00falias s\u00e3o, para n\u00f3s, um ve\u00edculo de cultura e de inquieta\u00e7\u00e3o. As nossas actividades s\u00e3o dirigidas para os seguintes objectivos que est\u00e3o definidos nos estatutos: 1. Promover o fado de Lisboa e de Coimbra na diversidade das suas facetas, procurando intervir de forma harmoniosa e rigorosa,\" \/>\n\t\t<meta name=\"twitter:image\" content=\"https:\/\/www.tertuliadofado.pt\/web\/wp-content\/uploads\/2026\/03\/logo_261.jpg\" \/>\n\t\t<script type=\"application\/ld+json\" class=\"aioseo-schema\">\n\t\t\t{\"@context\":\"https:\\\/\\\/schema.org\",\"@graph\":[{\"@type\":\"BreadcrumbList\",\"@id\":\"https:\\\/\\\/www.tertuliadofado.pt\\\/web\\\/objetivos\\\/#breadcrumblist\",\"itemListElement\":[{\"@type\":\"ListItem\",\"@id\":\"https:\\\/\\\/www.tertuliadofado.pt\\\/web#listItem\",\"position\":1,\"name\":\"Home\",\"item\":\"https:\\\/\\\/www.tertuliadofado.pt\\\/web\",\"nextItem\":{\"@type\":\"ListItem\",\"@id\":\"https:\\\/\\\/www.tertuliadofado.pt\\\/web\\\/objetivos\\\/#listItem\",\"name\":\"Objetivos\"}},{\"@type\":\"ListItem\",\"@id\":\"https:\\\/\\\/www.tertuliadofado.pt\\\/web\\\/objetivos\\\/#listItem\",\"position\":2,\"name\":\"Objetivos\",\"previousItem\":{\"@type\":\"ListItem\",\"@id\":\"https:\\\/\\\/www.tertuliadofado.pt\\\/web#listItem\",\"name\":\"Home\"}}]},{\"@type\":\"Organization\",\"@id\":\"https:\\\/\\\/www.tertuliadofado.pt\\\/web\\\/#organization\",\"name\":\"TERT\\u00daLIA DO FADO...E DA INQUIETA\\u00c7\\u00c3O\",\"description\":\"TERT\\u00daLIA DO FADO...E DA INQUIETA\\u00c7\\u00c3O\",\"url\":\"https:\\\/\\\/www.tertuliadofado.pt\\\/web\\\/\",\"logo\":{\"@type\":\"ImageObject\",\"url\":\"https:\\\/\\\/www.tertuliadofado.pt\\\/web\\\/wp-content\\\/uploads\\\/2026\\\/03\\\/logo_261.jpg\",\"@id\":\"https:\\\/\\\/www.tertuliadofado.pt\\\/web\\\/objetivos\\\/#organizationLogo\",\"width\":261,\"height\":170},\"image\":{\"@id\":\"https:\\\/\\\/www.tertuliadofado.pt\\\/web\\\/objetivos\\\/#organizationLogo\"}},{\"@type\":\"WebPage\",\"@id\":\"https:\\\/\\\/www.tertuliadofado.pt\\\/web\\\/objetivos\\\/#webpage\",\"url\":\"https:\\\/\\\/www.tertuliadofado.pt\\\/web\\\/objetivos\\\/\",\"name\":\"Objetivos - TERT\\u00daLIA DO FADO...E DA INQUIETA\\u00c7\\u00c3O\",\"description\":\"Os nossos objectivos O fado, o canto e as tert\\u00falias s\\u00e3o, para n\\u00f3s, um ve\\u00edculo de cultura e de inquieta\\u00e7\\u00e3o. As nossas actividades s\\u00e3o dirigidas para os seguintes objectivos que est\\u00e3o definidos nos estatutos: 1. Promover o fado de Lisboa e de Coimbra na diversidade das suas facetas, procurando intervir de forma harmoniosa e rigorosa,\",\"inLanguage\":\"pt-PT\",\"isPartOf\":{\"@id\":\"https:\\\/\\\/www.tertuliadofado.pt\\\/web\\\/#website\"},\"breadcrumb\":{\"@id\":\"https:\\\/\\\/www.tertuliadofado.pt\\\/web\\\/objetivos\\\/#breadcrumblist\"},\"datePublished\":\"2026-03-03T18:04:01+00:00\",\"dateModified\":\"2026-03-05T15:17:35+00:00\"},{\"@type\":\"WebSite\",\"@id\":\"https:\\\/\\\/www.tertuliadofado.pt\\\/web\\\/#website\",\"url\":\"https:\\\/\\\/www.tertuliadofado.pt\\\/web\\\/\",\"name\":\"TERT\\u00daLIA DO FADO...E DA INQUIETA\\u00c7\\u00c3O\",\"description\":\"TERT\\u00daLIA DO FADO...E DA INQUIETA\\u00c7\\u00c3O\",\"inLanguage\":\"pt-PT\",\"publisher\":{\"@id\":\"https:\\\/\\\/www.tertuliadofado.pt\\\/web\\\/#organization\"}}]}\n\t\t<\/script>\n\t\t<!-- All in One SEO -->\n\n","aioseo_head_json":{"title":"Objetivos - TERT\u00daLIA DO FADO...E DA INQUIETA\u00c7\u00c3O","description":"Os nossos objectivos O fado, o canto e as tert\u00falias s\u00e3o, para n\u00f3s, um ve\u00edculo de cultura e de inquieta\u00e7\u00e3o. As nossas actividades s\u00e3o dirigidas para os seguintes objectivos que est\u00e3o definidos nos estatutos: 1. Promover o fado de Lisboa e de Coimbra na diversidade das suas facetas, procurando intervir de forma harmoniosa e rigorosa,","canonical_url":"https:\/\/www.tertuliadofado.pt\/web\/objetivos\/","robots":"max-image-preview:large","keywords":"","webmasterTools":{"miscellaneous":""},"schema":{"@context":"https:\/\/schema.org","@graph":[{"@type":"BreadcrumbList","@id":"https:\/\/www.tertuliadofado.pt\/web\/objetivos\/#breadcrumblist","itemListElement":[{"@type":"ListItem","@id":"https:\/\/www.tertuliadofado.pt\/web#listItem","position":1,"name":"Home","item":"https:\/\/www.tertuliadofado.pt\/web","nextItem":{"@type":"ListItem","@id":"https:\/\/www.tertuliadofado.pt\/web\/objetivos\/#listItem","name":"Objetivos"}},{"@type":"ListItem","@id":"https:\/\/www.tertuliadofado.pt\/web\/objetivos\/#listItem","position":2,"name":"Objetivos","previousItem":{"@type":"ListItem","@id":"https:\/\/www.tertuliadofado.pt\/web#listItem","name":"Home"}}]},{"@type":"Organization","@id":"https:\/\/www.tertuliadofado.pt\/web\/#organization","name":"TERT\u00daLIA DO FADO...E DA INQUIETA\u00c7\u00c3O","description":"TERT\u00daLIA DO FADO...E DA INQUIETA\u00c7\u00c3O","url":"https:\/\/www.tertuliadofado.pt\/web\/","logo":{"@type":"ImageObject","url":"https:\/\/www.tertuliadofado.pt\/web\/wp-content\/uploads\/2026\/03\/logo_261.jpg","@id":"https:\/\/www.tertuliadofado.pt\/web\/objetivos\/#organizationLogo","width":261,"height":170},"image":{"@id":"https:\/\/www.tertuliadofado.pt\/web\/objetivos\/#organizationLogo"}},{"@type":"WebPage","@id":"https:\/\/www.tertuliadofado.pt\/web\/objetivos\/#webpage","url":"https:\/\/www.tertuliadofado.pt\/web\/objetivos\/","name":"Objetivos - TERT\u00daLIA DO FADO...E DA INQUIETA\u00c7\u00c3O","description":"Os nossos objectivos O fado, o canto e as tert\u00falias s\u00e3o, para n\u00f3s, um ve\u00edculo de cultura e de inquieta\u00e7\u00e3o. As nossas actividades s\u00e3o dirigidas para os seguintes objectivos que est\u00e3o definidos nos estatutos: 1. Promover o fado de Lisboa e de Coimbra na diversidade das suas facetas, procurando intervir de forma harmoniosa e rigorosa,","inLanguage":"pt-PT","isPartOf":{"@id":"https:\/\/www.tertuliadofado.pt\/web\/#website"},"breadcrumb":{"@id":"https:\/\/www.tertuliadofado.pt\/web\/objetivos\/#breadcrumblist"},"datePublished":"2026-03-03T18:04:01+00:00","dateModified":"2026-03-05T15:17:35+00:00"},{"@type":"WebSite","@id":"https:\/\/www.tertuliadofado.pt\/web\/#website","url":"https:\/\/www.tertuliadofado.pt\/web\/","name":"TERT\u00daLIA DO FADO...E DA INQUIETA\u00c7\u00c3O","description":"TERT\u00daLIA DO FADO...E DA INQUIETA\u00c7\u00c3O","inLanguage":"pt-PT","publisher":{"@id":"https:\/\/www.tertuliadofado.pt\/web\/#organization"}}]},"og:locale":"pt_PT","og:site_name":"TERT\u00daLIA DO FADO...E DA INQUIETA\u00c7\u00c3O - TERT\u00daLIA DO FADO...E DA INQUIETA\u00c7\u00c3O","og:type":"article","og:title":"Objetivos - TERT\u00daLIA DO FADO...E DA INQUIETA\u00c7\u00c3O","og:description":"Os nossos objectivos O fado, o canto e as tert\u00falias s\u00e3o, para n\u00f3s, um ve\u00edculo de cultura e de inquieta\u00e7\u00e3o. As nossas actividades s\u00e3o dirigidas para os seguintes objectivos que est\u00e3o definidos nos estatutos: 1. Promover o fado de Lisboa e de Coimbra na diversidade das suas facetas, procurando intervir de forma harmoniosa e rigorosa,","og:url":"https:\/\/www.tertuliadofado.pt\/web\/objetivos\/","og:image":"https:\/\/www.tertuliadofado.pt\/web\/wp-content\/uploads\/2026\/03\/logo_261.jpg","og:image:secure_url":"https:\/\/www.tertuliadofado.pt\/web\/wp-content\/uploads\/2026\/03\/logo_261.jpg","og:image:width":261,"og:image:height":170,"article:published_time":"2026-03-03T18:04:01+00:00","article:modified_time":"2026-03-05T15:17:35+00:00","twitter:card":"summary_large_image","twitter:title":"Objetivos - TERT\u00daLIA DO FADO...E DA INQUIETA\u00c7\u00c3O","twitter:description":"Os nossos objectivos O fado, o canto e as tert\u00falias s\u00e3o, para n\u00f3s, um ve\u00edculo de cultura e de inquieta\u00e7\u00e3o. As nossas actividades s\u00e3o dirigidas para os seguintes objectivos que est\u00e3o definidos nos estatutos: 1. Promover o fado de Lisboa e de Coimbra na diversidade das suas facetas, procurando intervir de forma harmoniosa e rigorosa,","twitter:image":"https:\/\/www.tertuliadofado.pt\/web\/wp-content\/uploads\/2026\/03\/logo_261.jpg"},"aioseo_meta_data":{"post_id":"2","title":"#post_title #separator_sa #site_title","description":"#post_content","keywords":null,"keyphrases":null,"primary_term":null,"canonical_url":null,"og_title":null,"og_description":null,"og_object_type":"default","og_image_type":"default","og_image_url":null,"og_image_width":null,"og_image_height":null,"og_image_custom_url":null,"og_image_custom_fields":null,"og_video":null,"og_custom_url":null,"og_article_section":null,"og_article_tags":null,"twitter_use_og":false,"twitter_card":"default","twitter_image_type":"default","twitter_image_url":null,"twitter_image_custom_url":null,"twitter_image_custom_fields":null,"twitter_title":null,"twitter_description":null,"schema":{"blockGraphs":[],"customGraphs":[],"default":{"data":{"Article":[],"Course":[],"Dataset":[],"FAQPage":[],"Movie":[],"Person":[],"Product":[],"ProductReview":[],"Car":[],"Recipe":[],"Service":[],"SoftwareApplication":[],"WebPage":[]},"graphName":"","isEnabled":true},"graphs":[]},"schema_type":"default","schema_type_options":null,"pillar_content":false,"robots_default":true,"robots_noindex":false,"robots_noarchive":false,"robots_nosnippet":false,"robots_nofollow":false,"robots_noimageindex":false,"robots_noodp":false,"robots_notranslate":false,"robots_max_snippet":null,"robots_max_videopreview":null,"robots_max_imagepreview":"large","priority":null,"frequency":null,"local_seo":null,"breadcrumb_settings":null,"limit_modified_date":false,"ai":null,"created":"2026-03-03 18:39:55","updated":"2026-03-12 10:58:28","seo_analyzer_scan_date":null},"aioseo_breadcrumb":"<div class=\"aioseo-breadcrumbs\"><span class=\"aioseo-breadcrumb\">\n\t\t\t<a href=\"https:\/\/www.tertuliadofado.pt\/web\" title=\"Home\">Home<\/a>\n\t\t<\/span><span class=\"aioseo-breadcrumb-separator\">&raquo;<\/span><span class=\"aioseo-breadcrumb\">\n\t\t\tObjetivos\n\t\t<\/span><\/div>","aioseo_breadcrumb_json":[{"label":"Home","link":"https:\/\/www.tertuliadofado.pt\/web"},{"label":"Objetivos","link":"https:\/\/www.tertuliadofado.pt\/web\/objetivos\/"}],"_links":{"self":[{"href":"https:\/\/www.tertuliadofado.pt\/web\/wp-json\/wp\/v2\/pages\/2","targetHints":{"allow":["GET"]}}],"collection":[{"href":"https:\/\/www.tertuliadofado.pt\/web\/wp-json\/wp\/v2\/pages"}],"about":[{"href":"https:\/\/www.tertuliadofado.pt\/web\/wp-json\/wp\/v2\/types\/page"}],"author":[{"embeddable":true,"href":"https:\/\/www.tertuliadofado.pt\/web\/wp-json\/wp\/v2\/users\/2"}],"replies":[{"embeddable":true,"href":"https:\/\/www.tertuliadofado.pt\/web\/wp-json\/wp\/v2\/comments?post=2"}],"version-history":[{"count":5,"href":"https:\/\/www.tertuliadofado.pt\/web\/wp-json\/wp\/v2\/pages\/2\/revisions"}],"predecessor-version":[{"id":1139,"href":"https:\/\/www.tertuliadofado.pt\/web\/wp-json\/wp\/v2\/pages\/2\/revisions\/1139"}],"wp:attachment":[{"href":"https:\/\/www.tertuliadofado.pt\/web\/wp-json\/wp\/v2\/media?parent=2"}],"curies":[{"name":"wp","href":"https:\/\/api.w.org\/{rel}","templated":true}]}}